{"id":2948,"date":"2025-09-02T22:25:10","date_gmt":"2025-09-02T20:25:10","guid":{"rendered":"https:\/\/carlosfelixweddings.com\/?page_id=2948"},"modified":"2025-09-02T22:33:02","modified_gmt":"2025-09-02T20:33:02","slug":"ana-david-luxury-wedding-granada","status":"publish","type":"page","link":"https:\/\/carlosfelixweddings.com\/en\/ana-david-luxury-wedding-granada\/","title":{"rendered":"Ana &#038; David"},"content":{"rendered":"\t\t<div data-elementor-type=\"wp-page\" data-elementor-id=\"2948\" class=\"elementor elementor-2948\" data-elementor-post-type=\"page\">\n\t\t\t\t<div class=\"elementor-element elementor-element-5549ce38 e-flex e-con-boxed e-con e-parent\" data-id=\"5549ce38\" data-element_type=\"container\" data-e-type=\"container\" data-settings=\"{&quot;background_background&quot;:&quot;gradient&quot;}\">\n\t\t\t\t\t<div class=\"e-con-inner\">\n\t\t\t\t<div class=\"elementor-element elementor-element-634e0316 elementor-widget__width-initial elementor-absolute elementor-invisible elementor-widget elementor-widget-image\" data-id=\"634e0316\" data-element_type=\"widget\" data-e-type=\"widget\" data-settings=\"{&quot;_position&quot;:&quot;absolute&quot;,&quot;motion_fx_motion_fx_scrolling&quot;:&quot;yes&quot;,&quot;motion_fx_translateY_effect&quot;:&quot;yes&quot;,&quot;motion_fx_translateY_direction&quot;:&quot;negative&quot;,&quot;motion_fx_translateY_speed&quot;:{&quot;unit&quot;:&quot;px&quot;,&quot;size&quot;:3.8,&quot;sizes&quot;:[]},&quot;motion_fx_translateY_affectedRange&quot;:{&quot;unit&quot;:&quot;%&quot;,&quot;size&quot;:&quot;&quot;,&quot;sizes&quot;:{&quot;start&quot;:0,&quot;end&quot;:83}},&quot;motion_fx_opacity_effect&quot;:&quot;yes&quot;,&quot;motion_fx_opacity_direction&quot;:&quot;in-out&quot;,&quot;motion_fx_opacity_level&quot;:{&quot;unit&quot;:&quot;px&quot;,&quot;size&quot;:5,&quot;sizes&quot;:[]},&quot;motion_fx_opacity_range&quot;:{&quot;unit&quot;:&quot;%&quot;,&quot;size&quot;:&quot;&quot;,&quot;sizes&quot;:{&quot;start&quot;:0,&quot;end&quot;:100}},&quot;motion_fx_rotateZ_effect&quot;:&quot;yes&quot;,&quot;motion_fx_rotateZ_speed&quot;:{&quot;unit&quot;:&quot;px&quot;,&quot;size&quot;:3.2,&quot;sizes&quot;:[]},&quot;_animation&quot;:&quot;fadeIn&quot;,&quot;motion_fx_rotateZ_affectedRange&quot;:{&quot;unit&quot;:&quot;%&quot;,&quot;size&quot;:&quot;&quot;,&quot;sizes&quot;:{&quot;start&quot;:0,&quot;end&quot;:100}},&quot;motion_fx_devices&quot;:[&quot;desktop&quot;,&quot;laptop&quot;,&quot;tablet_extra&quot;,&quot;tablet&quot;,&quot;mobile&quot;]}\" data-widget_type=\"image.default\">\n\t\t\t\t\t\t\t\t\t\t\t\t\t\t\t<img decoding=\"async\" width=\"351\" height=\"350\" src=\"https:\/\/carlosfelixweddings.com\/wp-content\/uploads\/2023\/08\/pelatos-4.webp\" class=\"attachment-medium size-medium wp-image-948\" alt=\"\" srcset=\"https:\/\/carlosfelixweddings.com\/wp-content\/uploads\/2023\/08\/pelatos-4.webp 351w, https:\/\/carlosfelixweddings.com\/wp-content\/uploads\/2023\/08\/pelatos-4-12x12.webp 12w\" sizes=\"(max-width: 351px) 100vw, 351px\" \/>\t\t\t\t\t\t\t\t\t\t\t\t\t\t\t<\/div>\n\t\t\t\t<div class=\"elementor-element elementor-element-54b1595 elementor-widget__width-initial elementor-absolute elementor-invisible elementor-widget elementor-widget-image\" data-id=\"54b1595\" data-element_type=\"widget\" data-e-type=\"widget\" data-settings=\"{&quot;_position&quot;:&quot;absolute&quot;,&quot;motion_fx_motion_fx_scrolling&quot;:&quot;yes&quot;,&quot;motion_fx_translateY_effect&quot;:&quot;yes&quot;,&quot;motion_fx_translateY_direction&quot;:&quot;negative&quot;,&quot;motion_fx_translateY_speed&quot;:{&quot;unit&quot;:&quot;px&quot;,&quot;size&quot;:2.4,&quot;sizes&quot;:[]},&quot;motion_fx_opacity_effect&quot;:&quot;yes&quot;,&quot;motion_fx_opacity_direction&quot;:&quot;in-out&quot;,&quot;motion_fx_opacity_level&quot;:{&quot;unit&quot;:&quot;px&quot;,&quot;size&quot;:7.4,&quot;sizes&quot;:[]},&quot;motion_fx_opacity_range&quot;:{&quot;unit&quot;:&quot;%&quot;,&quot;size&quot;:&quot;&quot;,&quot;sizes&quot;:{&quot;start&quot;:0,&quot;end&quot;:100}},&quot;motion_fx_rotateZ_effect&quot;:&quot;yes&quot;,&quot;motion_fx_rotateZ_direction&quot;:&quot;negative&quot;,&quot;motion_fx_rotateZ_speed&quot;:{&quot;unit&quot;:&quot;px&quot;,&quot;size&quot;:2.3,&quot;sizes&quot;:[]},&quot;_animation&quot;:&quot;fadeIn&quot;,&quot;motion_fx_translateY_affectedRange&quot;:{&quot;unit&quot;:&quot;%&quot;,&quot;size&quot;:&quot;&quot;,&quot;sizes&quot;:{&quot;start&quot;:0,&quot;end&quot;:100}},&quot;motion_fx_rotateZ_affectedRange&quot;:{&quot;unit&quot;:&quot;%&quot;,&quot;size&quot;:&quot;&quot;,&quot;sizes&quot;:{&quot;start&quot;:0,&quot;end&quot;:100}},&quot;motion_fx_devices&quot;:[&quot;desktop&quot;,&quot;laptop&quot;,&quot;tablet_extra&quot;,&quot;tablet&quot;,&quot;mobile&quot;]}\" data-widget_type=\"image.default\">\n\t\t\t\t\t\t\t\t\t\t\t\t\t\t\t<img decoding=\"async\" width=\"351\" height=\"350\" src=\"https:\/\/carlosfelixweddings.com\/wp-content\/uploads\/2023\/08\/pelatos-1.webp\" class=\"attachment-medium size-medium wp-image-947\" alt=\"\" srcset=\"https:\/\/carlosfelixweddings.com\/wp-content\/uploads\/2023\/08\/pelatos-1.webp 351w, https:\/\/carlosfelixweddings.com\/wp-content\/uploads\/2023\/08\/pelatos-1-12x12.webp 12w\" sizes=\"(max-width: 351px) 100vw, 351px\" \/>\t\t\t\t\t\t\t\t\t\t\t\t\t\t\t<\/div>\n\t\t\t\t<div class=\"elementor-element elementor-element-6cfe9f6 elementor-widget elementor-widget-image\" data-id=\"6cfe9f6\" data-element_type=\"widget\" data-e-type=\"widget\" data-widget_type=\"image.default\">\n\t\t\t\t\t\t\t\t\t\t\t\t\t\t\t\t<a href=\"https:\/\/carlosfelixweddings.com\/\">\n\t\t\t\t\t\t\t<img decoding=\"async\" width=\"880\" height=\"197\" src=\"https:\/\/carlosfelixweddings.com\/wp-content\/uploads\/2023\/04\/carlos-felix-weddings-logo-black.svg\" class=\"attachment-large size-large wp-image-14\" alt=\"\" \/>\t\t\t\t\t\t\t\t<\/a>\n\t\t\t\t\t\t\t\t\t\t\t\t\t\t\t<\/div>\n\t\t\t\t<div class=\"elementor-element elementor-element-58bdb879 elementor-widget__width-inherit elementor-widget-laptop__width-initial elementor-widget elementor-widget-heading\" data-id=\"58bdb879\" data-element_type=\"widget\" data-e-type=\"widget\" data-settings=\"{&quot;_animation&quot;:&quot;none&quot;}\" data-widget_type=\"heading.default\">\n\t\t\t\t\t<h1 class=\"elementor-heading-title elementor-size-default\">Ana &amp; David<\/h1>\t\t\t\t<\/div>\n\t\t\t\t<div class=\"elementor-element elementor-element-2d828fa2 elementor-widget-tablet__width-inherit elementor-invisible elementor-widget elementor-widget-heading\" data-id=\"2d828fa2\" data-element_type=\"widget\" data-e-type=\"widget\" data-settings=\"{&quot;_animation&quot;:&quot;fadeIn&quot;}\" data-widget_type=\"heading.default\">\n\t\t\t\t\t<h2 class=\"elementor-heading-title elementor-size-default\">WEDDING VIDEOS<\/h2>\t\t\t\t<\/div>\n\t\t\t\t<div class=\"elementor-element elementor-element-36e9eee2 elementor-widget__width-initial elementor-widget elementor-widget-shortcode\" data-id=\"36e9eee2\" data-element_type=\"widget\" data-e-type=\"widget\" data-widget_type=\"shortcode.default\">\n\t\t\t\t\t\t\t<div class=\"elementor-shortcode\"><div style=\"position: relative; padding: 20px; height: 650px;\">\n                    <iframe style=\"position: absolute; top: 0; left: 0; width: 125%; height: 125%;\n                            zoom: 0.8; transform: scale(0.8); -webkit-transform: scale(0.8);\n                            transform-origin: 0 0; -webkit-transform-origin: 0 0;\"\n                            src=\"https:\/\/galleries.vidflow.co\/embed\/d\/e6ol70do\"\n                            frameborder=\"0\" allowfullscreen webkitallowfullscreen mozallowfullscreen>\n                    <\/iframe>\n           <\/div><\/div>\n\t\t\t\t\t\t<\/div>\n\t\t\t\t<div class=\"elementor-element elementor-element-4f6874cc elementor-widget elementor-widget-image\" data-id=\"4f6874cc\" data-element_type=\"widget\" data-e-type=\"widget\" data-widget_type=\"image.default\">\n\t\t\t\t\t\t\t\t\t\t\t\t\t\t\t<img decoding=\"async\" width=\"2877\" height=\"519\" src=\"https:\/\/carlosfelixweddings.com\/wp-content\/uploads\/2024\/06\/CarlosFelix-Firma-Oscura.png\" class=\"attachment-large size-large wp-image-1652\" alt=\"\" srcset=\"https:\/\/carlosfelixweddings.com\/wp-content\/uploads\/2024\/06\/CarlosFelix-Firma-Oscura.png 2877w, https:\/\/carlosfelixweddings.com\/wp-content\/uploads\/2024\/06\/CarlosFelix-Firma-Oscura-768x139.png 768w, https:\/\/carlosfelixweddings.com\/wp-content\/uploads\/2024\/06\/CarlosFelix-Firma-Oscura-1536x277.png 1536w, https:\/\/carlosfelixweddings.com\/wp-content\/uploads\/2024\/06\/CarlosFelix-Firma-Oscura-2048x369.png 2048w, https:\/\/carlosfelixweddings.com\/wp-content\/uploads\/2024\/06\/CarlosFelix-Firma-Oscura-18x3.png 18w\" sizes=\"(max-width: 2877px) 100vw, 2877px\" \/>\t\t\t\t\t\t\t\t\t\t\t\t\t\t\t<\/div>\n\t\t\t\t\t<\/div>\n\t\t\t\t<\/div>\n\t\t<div class=\"elementor-element elementor-element-76e37b70 e-flex e-con-boxed e-con e-parent\" data-id=\"76e37b70\" data-element_type=\"container\" data-e-type=\"container\" data-settings=\"{&quot;background_background&quot;:&quot;gradient&quot;}\">\n\t\t\t\t\t<div class=\"e-con-inner\">\n\t\t<div class=\"elementor-element elementor-element-1520b08e e-flex e-con-boxed e-con e-child\" data-id=\"1520b08e\" data-element_type=\"container\" data-e-type=\"container\">\n\t\t\t\t\t<div class=\"e-con-inner\">\n\t\t\t\t<div class=\"elementor-element elementor-element-175482fd elementor-widget-tablet__width-inherit elementor-widget elementor-widget-heading\" data-id=\"175482fd\" data-element_type=\"widget\" data-e-type=\"widget\" data-widget_type=\"heading.default\">\n\t\t\t\t\t<h2 class=\"elementor-heading-title elementor-size-default\">Ana &amp; David<\/h2>\t\t\t\t<\/div>\n\t\t\t\t<div class=\"elementor-element elementor-element-7387d63e elementor-widget-tablet__width-inherit elementor-widget__width-initial elementor-invisible elementor-widget elementor-widget-heading\" data-id=\"7387d63e\" data-element_type=\"widget\" data-e-type=\"widget\" data-settings=\"{&quot;_animation&quot;:&quot;fadeIn&quot;}\" data-widget_type=\"heading.default\">\n\t\t\t\t\t<h2 class=\"elementor-heading-title elementor-size-default\">A Luxury Timeless Love Story at Palacio de los C\u00f3rdova, Granada\ud83c\uddea\ud83c\uddf8 <\/h2>\t\t\t\t<\/div>\n\t\t\t\t<div class=\"elementor-element elementor-element-51c21957 elementor-widget__width-initial elementor-absolute elementor-widget elementor-widget-image\" data-id=\"51c21957\" data-element_type=\"widget\" data-e-type=\"widget\" data-settings=\"{&quot;_position&quot;:&quot;absolute&quot;,&quot;motion_fx_motion_fx_scrolling&quot;:&quot;yes&quot;,&quot;motion_fx_translateY_effect&quot;:&quot;yes&quot;,&quot;motion_fx_translateY_direction&quot;:&quot;negative&quot;,&quot;motion_fx_translateY_speed&quot;:{&quot;unit&quot;:&quot;px&quot;,&quot;size&quot;:2.3,&quot;sizes&quot;:[]},&quot;motion_fx_translateY_affectedRange&quot;:{&quot;unit&quot;:&quot;%&quot;,&quot;size&quot;:&quot;&quot;,&quot;sizes&quot;:{&quot;start&quot;:0,&quot;end&quot;:83}},&quot;motion_fx_opacity_effect&quot;:&quot;yes&quot;,&quot;motion_fx_opacity_direction&quot;:&quot;in-out&quot;,&quot;motion_fx_opacity_level&quot;:{&quot;unit&quot;:&quot;px&quot;,&quot;size&quot;:8.5,&quot;sizes&quot;:[]},&quot;motion_fx_opacity_range&quot;:{&quot;unit&quot;:&quot;%&quot;,&quot;size&quot;:&quot;&quot;,&quot;sizes&quot;:{&quot;start&quot;:0,&quot;end&quot;:100}},&quot;motion_fx_devices&quot;:[&quot;desktop&quot;,&quot;laptop&quot;,&quot;tablet_extra&quot;,&quot;tablet&quot;,&quot;mobile&quot;]}\" data-widget_type=\"image.default\">\n\t\t\t\t\t\t\t\t\t\t\t\t\t\t\t<img decoding=\"async\" width=\"351\" height=\"350\" src=\"https:\/\/carlosfelixweddings.com\/wp-content\/uploads\/2023\/08\/pelatos-7.webp\" class=\"attachment-medium size-medium wp-image-974\" alt=\"\" srcset=\"https:\/\/carlosfelixweddings.com\/wp-content\/uploads\/2023\/08\/pelatos-7.webp 351w, https:\/\/carlosfelixweddings.com\/wp-content\/uploads\/2023\/08\/pelatos-7-12x12.webp 12w\" sizes=\"(max-width: 351px) 100vw, 351px\" \/>\t\t\t\t\t\t\t\t\t\t\t\t\t\t\t<\/div>\n\t\t\t\t<div class=\"elementor-element elementor-element-376255a elementor-widget__width-initial elementor-widget elementor-widget-text-editor\" data-id=\"376255a\" data-element_type=\"widget\" data-e-type=\"widget\" data-widget_type=\"text-editor.default\">\n\t\t\t\t\t\t\t\t\t<p data-start=\"397\" data-end=\"795\">El Palacio de los C\u00f3rdova, con sus jardines centenarios, su arquitectura renacentista y sus vistas privilegiadas a la Alhambra, fue el escenario perfecto para una celebraci\u00f3n que parec\u00eda sacada de un sue\u00f1o. Ana y David eligieron este enclave \u00fanico en Granada para darse el \u201cs\u00ed quiero\u201d rodeados de sus familias y amigos m\u00e1s cercanos, en una ceremonia \u00edntima, emotiva y repleta de detalles elegantes.<\/p><p data-start=\"797\" data-end=\"1191\">Cada rinc\u00f3n del palacio respiraba historia, y cada instante de la boda estuvo marcado por la emoci\u00f3n, el cari\u00f1o y la belleza natural de este lugar m\u00e1gico. Desde la entrada de la novia hasta los p\u00e9talos flotando en el aire tras la ceremonia, pasando por los gestos c\u00f3mplices, las miradas llenas de amor y las risas compartidas, todo fue capturado con la sensibilidad que una historia as\u00ed merece.<\/p><p data-start=\"1193\" data-end=\"1358\">A continuaci\u00f3n, te invitamos a revivir el d\u00eda en que Ana y David unieron sus caminos. Un v\u00eddeo que no solo documenta una boda, sino que cuenta una historia: la suya.<\/p>\t\t\t\t\t\t\t\t<\/div>\n\t\t\t\t\t<\/div>\n\t\t\t\t<\/div>\n\t\t\t\t\t<\/div>\n\t\t\t\t<\/div>\n\t\t\t\t<\/div>\n\t\t","protected":false},"excerpt":{"rendered":"<p>Ana &amp; David WEDDING VIDEOS Ana &amp; David A Luxury Timeless Love Story at Palacio de los C\u00f3rdova, Granada\ud83c\uddea\ud83c\uddf8 El Palacio de los C\u00f3rdova, con sus jardines centenarios, su arquitectura renacentista y sus vistas privilegiadas a la Alhambra, fue el escenario perfecto para una celebraci\u00f3n que parec\u00eda sacada de un sue\u00f1o. Ana y David eligieron [&hellip;]<\/p>\n","protected":false},"author":1,"featured_media":2957,"parent":0,"menu_order":35,"comment_status":"closed","ping_status":"closed","template":"","meta":{"footnotes":""},"class_list":["post-2948","page","type-page","status-publish","has-post-thumbnail","hentry"],"yoast_head":"<!-- This site is optimized with the Yoast SEO plugin v27.5 - https:\/\/yoast.com\/product\/yoast-seo-wordpress\/ -->\n<title>Ana &amp; David Luxury Wedding at Palacio de los C\u00f3rdova<\/title>\n<meta name=\"description\" content=\"Ana &amp; David elegant wedding at Palacio de los C\u00f3rdova in Granada a celebration of love, style, and Andalusian charm in a dreamlike setting.\" \/>\n<meta name=\"robots\" content=\"index, follow, max-snippet:-1, max-image-preview:large, max-video-preview:-1\" \/>\n<link rel=\"canonical\" href=\"https:\/\/carlosfelixweddings.com\/en\/ana-david-luxury-wedding-granada\/\" \/>\n<meta property=\"og:locale\" content=\"en_GB\" \/>\n<meta property=\"og:type\" content=\"article\" \/>\n<meta property=\"og:title\" content=\"Ana &amp; David Luxury Wedding at Palacio de los C\u00f3rdova\" \/>\n<meta property=\"og:description\" content=\"Ana &amp; David elegant wedding at Palacio de los C\u00f3rdova in Granada a celebration of love, style, and Andalusian charm in a dreamlike setting.\" \/>\n<meta property=\"og:url\" content=\"https:\/\/carlosfelixweddings.com\/en\/ana-david-luxury-wedding-granada\/\" \/>\n<meta property=\"og:site_name\" content=\"Carlos Felix Weddings\" \/>\n<meta property=\"article:modified_time\" content=\"2025-09-02T20:33:02+00:00\" \/>\n<meta property=\"og:image\" content=\"https:\/\/carlosfelixweddings.com\/wp-content\/uploads\/2025\/09\/previo-instagram-ana-y-david-los-cordova-78_websize.jpg\" \/>\n\t<meta property=\"og:image:width\" content=\"1280\" \/>\n\t<meta property=\"og:image:height\" content=\"1600\" \/>\n\t<meta property=\"og:image:type\" content=\"image\/jpeg\" \/>\n<meta name=\"twitter:card\" content=\"summary_large_image\" \/>\n<meta name=\"twitter:site\" content=\"@elukef\" \/>\n<meta name=\"twitter:label1\" content=\"Estimated reading time\" \/>\n\t<meta name=\"twitter:data1\" content=\"3 minutes\" \/>\n<script type=\"application\/ld+json\" class=\"yoast-schema-graph\">{\"@context\":\"https:\\\/\\\/schema.org\",\"@graph\":[{\"@type\":\"WebPage\",\"@id\":\"https:\\\/\\\/carlosfelixweddings.com\\\/ana-david-luxury-wedding-granada\\\/\",\"url\":\"https:\\\/\\\/carlosfelixweddings.com\\\/ana-david-luxury-wedding-granada\\\/\",\"name\":\"Ana & David Luxury Wedding at Palacio de los C\u00f3rdova\",\"isPartOf\":{\"@id\":\"https:\\\/\\\/carlosfelixweddings.com\\\/#website\"},\"primaryImageOfPage\":{\"@id\":\"https:\\\/\\\/carlosfelixweddings.com\\\/ana-david-luxury-wedding-granada\\\/#primaryimage\"},\"image\":{\"@id\":\"https:\\\/\\\/carlosfelixweddings.com\\\/ana-david-luxury-wedding-granada\\\/#primaryimage\"},\"thumbnailUrl\":\"https:\\\/\\\/carlosfelixweddings.com\\\/wp-content\\\/uploads\\\/2025\\\/09\\\/previo-instagram-ana-y-david-los-cordova-78_websize.jpg\",\"datePublished\":\"2025-09-02T20:25:10+00:00\",\"dateModified\":\"2025-09-02T20:33:02+00:00\",\"description\":\"Ana & David elegant wedding at Palacio de los C\u00f3rdova in Granada a celebration of love, style, and Andalusian charm in a dreamlike setting.\",\"breadcrumb\":{\"@id\":\"https:\\\/\\\/carlosfelixweddings.com\\\/ana-david-luxury-wedding-granada\\\/#breadcrumb\"},\"inLanguage\":\"en-GB\",\"potentialAction\":[{\"@type\":\"ReadAction\",\"target\":[\"https:\\\/\\\/carlosfelixweddings.com\\\/ana-david-luxury-wedding-granada\\\/\"]}]},{\"@type\":\"ImageObject\",\"inLanguage\":\"en-GB\",\"@id\":\"https:\\\/\\\/carlosfelixweddings.com\\\/ana-david-luxury-wedding-granada\\\/#primaryimage\",\"url\":\"https:\\\/\\\/carlosfelixweddings.com\\\/wp-content\\\/uploads\\\/2025\\\/09\\\/previo-instagram-ana-y-david-los-cordova-78_websize.jpg\",\"contentUrl\":\"https:\\\/\\\/carlosfelixweddings.com\\\/wp-content\\\/uploads\\\/2025\\\/09\\\/previo-instagram-ana-y-david-los-cordova-78_websize.jpg\",\"width\":1280,\"height\":1600,\"caption\":\"Just married! Ana Bel\u00e9n and David begin their journey together in style after their wedding at Palacio de los C\u00f3rdova.\"},{\"@type\":\"BreadcrumbList\",\"@id\":\"https:\\\/\\\/carlosfelixweddings.com\\\/ana-david-luxury-wedding-granada\\\/#breadcrumb\",\"itemListElement\":[{\"@type\":\"ListItem\",\"position\":1,\"name\":\"Portada\",\"item\":\"https:\\\/\\\/carlosfelixweddings.com\\\/\"},{\"@type\":\"ListItem\",\"position\":2,\"name\":\"Ana &#038; David\"}]},{\"@type\":\"WebSite\",\"@id\":\"https:\\\/\\\/carlosfelixweddings.com\\\/#website\",\"url\":\"https:\\\/\\\/carlosfelixweddings.com\\\/\",\"name\":\"Carlos Felix Weddings\",\"description\":\"Vide\u00f3grafo de Bodas | Weddings Videographer\",\"publisher\":{\"@id\":\"https:\\\/\\\/carlosfelixweddings.com\\\/#\\\/schema\\\/person\\\/ea6a553b88d5f13090db0d991e097421\"},\"potentialAction\":[{\"@type\":\"SearchAction\",\"target\":{\"@type\":\"EntryPoint\",\"urlTemplate\":\"https:\\\/\\\/carlosfelixweddings.com\\\/?s={search_term_string}\"},\"query-input\":{\"@type\":\"PropertyValueSpecification\",\"valueRequired\":true,\"valueName\":\"search_term_string\"}}],\"inLanguage\":\"en-GB\"},{\"@type\":[\"Person\",\"Organization\"],\"@id\":\"https:\\\/\\\/carlosfelixweddings.com\\\/#\\\/schema\\\/person\\\/ea6a553b88d5f13090db0d991e097421\",\"name\":\"Carlos F\u00e9lix\",\"image\":{\"@type\":\"ImageObject\",\"inLanguage\":\"en-GB\",\"@id\":\"https:\\\/\\\/carlosfelixweddings.com\\\/wp-content\\\/uploads\\\/2023\\\/04\\\/carlos-felix-weddings-logo-black.svg\",\"url\":\"https:\\\/\\\/carlosfelixweddings.com\\\/wp-content\\\/uploads\\\/2023\\\/04\\\/carlos-felix-weddings-logo-black.svg\",\"contentUrl\":\"https:\\\/\\\/carlosfelixweddings.com\\\/wp-content\\\/uploads\\\/2023\\\/04\\\/carlos-felix-weddings-logo-black.svg\",\"width\":880,\"height\":197,\"caption\":\"Carlos F\u00e9lix\"},\"logo\":{\"@id\":\"https:\\\/\\\/carlosfelixweddings.com\\\/wp-content\\\/uploads\\\/2023\\\/04\\\/carlos-felix-weddings-logo-black.svg\"},\"sameAs\":[\"https:\\\/\\\/x.com\\\/elukef\"]}]}<\/script>\n<!-- \/ Yoast SEO plugin. -->","yoast_head_json":{"title":"Ana & David Luxury Wedding at Palacio de los C\u00f3rdova","description":"Ana & David elegant wedding at Palacio de los C\u00f3rdova in Granada a celebration of love, style, and Andalusian charm in a dreamlike setting.","robots":{"index":"index","follow":"follow","max-snippet":"max-snippet:-1","max-image-preview":"max-image-preview:large","max-video-preview":"max-video-preview:-1"},"canonical":"https:\/\/carlosfelixweddings.com\/en\/ana-david-luxury-wedding-granada\/","og_locale":"en_GB","og_type":"article","og_title":"Ana & David Luxury Wedding at Palacio de los C\u00f3rdova","og_description":"Ana & David elegant wedding at Palacio de los C\u00f3rdova in Granada a celebration of love, style, and Andalusian charm in a dreamlike setting.","og_url":"https:\/\/carlosfelixweddings.com\/en\/ana-david-luxury-wedding-granada\/","og_site_name":"Carlos Felix Weddings","article_modified_time":"2025-09-02T20:33:02+00:00","og_image":[{"width":1280,"height":1600,"url":"https:\/\/carlosfelixweddings.com\/wp-content\/uploads\/2025\/09\/previo-instagram-ana-y-david-los-cordova-78_websize.jpg","type":"image\/jpeg"}],"twitter_card":"summary_large_image","twitter_site":"@elukef","twitter_misc":{"Estimated reading time":"3 minutes"},"schema":{"@context":"https:\/\/schema.org","@graph":[{"@type":"WebPage","@id":"https:\/\/carlosfelixweddings.com\/ana-david-luxury-wedding-granada\/","url":"https:\/\/carlosfelixweddings.com\/ana-david-luxury-wedding-granada\/","name":"Ana & David Luxury Wedding at Palacio de los C\u00f3rdova","isPartOf":{"@id":"https:\/\/carlosfelixweddings.com\/#website"},"primaryImageOfPage":{"@id":"https:\/\/carlosfelixweddings.com\/ana-david-luxury-wedding-granada\/#primaryimage"},"image":{"@id":"https:\/\/carlosfelixweddings.com\/ana-david-luxury-wedding-granada\/#primaryimage"},"thumbnailUrl":"https:\/\/carlosfelixweddings.com\/wp-content\/uploads\/2025\/09\/previo-instagram-ana-y-david-los-cordova-78_websize.jpg","datePublished":"2025-09-02T20:25:10+00:00","dateModified":"2025-09-02T20:33:02+00:00","description":"Ana & David elegant wedding at Palacio de los C\u00f3rdova in Granada a celebration of love, style, and Andalusian charm in a dreamlike setting.","breadcrumb":{"@id":"https:\/\/carlosfelixweddings.com\/ana-david-luxury-wedding-granada\/#breadcrumb"},"inLanguage":"en-GB","potentialAction":[{"@type":"ReadAction","target":["https:\/\/carlosfelixweddings.com\/ana-david-luxury-wedding-granada\/"]}]},{"@type":"ImageObject","inLanguage":"en-GB","@id":"https:\/\/carlosfelixweddings.com\/ana-david-luxury-wedding-granada\/#primaryimage","url":"https:\/\/carlosfelixweddings.com\/wp-content\/uploads\/2025\/09\/previo-instagram-ana-y-david-los-cordova-78_websize.jpg","contentUrl":"https:\/\/carlosfelixweddings.com\/wp-content\/uploads\/2025\/09\/previo-instagram-ana-y-david-los-cordova-78_websize.jpg","width":1280,"height":1600,"caption":"Just married! Ana Bel\u00e9n and David begin their journey together in style after their wedding at Palacio de los C\u00f3rdova."},{"@type":"BreadcrumbList","@id":"https:\/\/carlosfelixweddings.com\/ana-david-luxury-wedding-granada\/#breadcrumb","itemListElement":[{"@type":"ListItem","position":1,"name":"Portada","item":"https:\/\/carlosfelixweddings.com\/"},{"@type":"ListItem","position":2,"name":"Ana &#038; David"}]},{"@type":"WebSite","@id":"https:\/\/carlosfelixweddings.com\/#website","url":"https:\/\/carlosfelixweddings.com\/","name":"Carlos Felix Weddings","description":"Weddings Videographer | Weddings Videographer","publisher":{"@id":"https:\/\/carlosfelixweddings.com\/#\/schema\/person\/ea6a553b88d5f13090db0d991e097421"},"potentialAction":[{"@type":"SearchAction","target":{"@type":"EntryPoint","urlTemplate":"https:\/\/carlosfelixweddings.com\/?s={search_term_string}"},"query-input":{"@type":"PropertyValueSpecification","valueRequired":true,"valueName":"search_term_string"}}],"inLanguage":"en-GB"},{"@type":["Person","Organization"],"@id":"https:\/\/carlosfelixweddings.com\/#\/schema\/person\/ea6a553b88d5f13090db0d991e097421","name":"Carlos F\u00e9lix","image":{"@type":"ImageObject","inLanguage":"en-GB","@id":"https:\/\/carlosfelixweddings.com\/wp-content\/uploads\/2023\/04\/carlos-felix-weddings-logo-black.svg","url":"https:\/\/carlosfelixweddings.com\/wp-content\/uploads\/2023\/04\/carlos-felix-weddings-logo-black.svg","contentUrl":"https:\/\/carlosfelixweddings.com\/wp-content\/uploads\/2023\/04\/carlos-felix-weddings-logo-black.svg","width":880,"height":197,"caption":"Carlos F\u00e9lix"},"logo":{"@id":"https:\/\/carlosfelixweddings.com\/wp-content\/uploads\/2023\/04\/carlos-felix-weddings-logo-black.svg"},"sameAs":["https:\/\/x.com\/elukef"]}]}},"_links":{"self":[{"href":"https:\/\/carlosfelixweddings.com\/en\/wp-json\/wp\/v2\/pages\/2948","targetHints":{"allow":["GET"]}}],"collection":[{"href":"https:\/\/carlosfelixweddings.com\/en\/wp-json\/wp\/v2\/pages"}],"about":[{"href":"https:\/\/carlosfelixweddings.com\/en\/wp-json\/wp\/v2\/types\/page"}],"author":[{"embeddable":true,"href":"https:\/\/carlosfelixweddings.com\/en\/wp-json\/wp\/v2\/users\/1"}],"replies":[{"embeddable":true,"href":"https:\/\/carlosfelixweddings.com\/en\/wp-json\/wp\/v2\/comments?post=2948"}],"version-history":[{"count":7,"href":"https:\/\/carlosfelixweddings.com\/en\/wp-json\/wp\/v2\/pages\/2948\/revisions"}],"predecessor-version":[{"id":2955,"href":"https:\/\/carlosfelixweddings.com\/en\/wp-json\/wp\/v2\/pages\/2948\/revisions\/2955"}],"wp:featuredmedia":[{"embeddable":true,"href":"https:\/\/carlosfelixweddings.com\/en\/wp-json\/wp\/v2\/media\/2957"}],"wp:attachment":[{"href":"https:\/\/carlosfelixweddings.com\/en\/wp-json\/wp\/v2\/media?parent=2948"}],"curies":[{"name":"wp","href":"https:\/\/api.w.org\/{rel}","templated":true}]}}